{"id":4689,"date":"2020-05-26T08:49:46","date_gmt":"2020-05-26T07:49:46","guid":{"rendered":"https:\/\/www.aptafrica.com\/?page_id=4689"},"modified":"2021-01-06T06:38:10","modified_gmt":"2021-01-06T05:38:10","slug":"grossesse-et-naissance-prematuree-pendant-le-coronavirus","status":"publish","type":"page","link":"https:\/\/www.aptafrica.com\/fr\/pregnancy\/pregnancy-and-preterm-birth-during-coronavirus\/","title":{"rendered":"Grossesse et naissance pr\u00e9matur\u00e9e pendant le coronavirus"},"content":{"rendered":"<div data-elementor-type=\"wp-page\" data-elementor-id=\"4689\" class=\"elementor elementor-4689\" data-elementor-post-type=\"page\">\n\t\t\t\t\t\t<section class=\"has_eae_slider elementor-section elementor-top-section elementor-element elementor-element-97bece0 elementor-section-content-middle elementor-section-stretched elementor-section-full_width elementor-section-height-min-height elementor-section-height-default elementor-section-items-middle\" data-eae-slider=\"99989\" data-particle_enable=\"false\" data-particle-mobile-disabled=\"false\" data-id=\"97bece0\" data-element_type=\"section\" data-e-type=\"section\" data-settings=\"{&quot;background_background&quot;:&quot;classic&quot;,&quot;stretch_section&quot;:&quot;section-stretched&quot;}\">\n\t\t\t\t\t\t\t<div class=\"elementor-background-overlay\"><\/div>\n\t\t\t\t\t\t\t<div class=\"elementor-container elementor-column-gap-no\">\n\t\t\t\t\t<div class=\"has_eae_slider elementor-column elementor-col-100 elementor-top-column elementor-element elementor-element-7093a28d\" data-eae-slider=\"79536\" data-id=\"7093a28d\" data-element_type=\"column\" data-e-type=\"column\" data-settings=\"{&quot;background_background&quot;:&quot;classic&quot;}\">\n\t\t\t<div class=\"elementor-widget-wrap elementor-element-populated\">\n\t\t\t\t\t\t\t<\/div>\n\t\t<\/div>\n\t\t\t\t\t<\/div>\n\t\t<\/section>\n\t\t\t\t<section class=\"has_eae_slider elementor-section elementor-top-section elementor-element elementor-element-feb3a82 elementor-section-stretched elementor-section-boxed elementor-section-height-default elementor-section-height-default\" data-eae-slider=\"79378\" data-particle_enable=\"false\" data-particle-mobile-disabled=\"false\" data-id=\"feb3a82\" data-element_type=\"section\" data-e-type=\"section\" data-settings=\"{&quot;stretch_section&quot;:&quot;section-stretched&quot;}\">\n\t\t\t\t\t\t<div class=\"elementor-container elementor-column-gap-default\">\n\t\t\t\t\t<div class=\"has_eae_slider elementor-column elementor-col-100 elementor-top-column elementor-element elementor-element-7f9a493\" data-eae-slider=\"68124\" data-id=\"7f9a493\" data-element_type=\"column\" data-e-type=\"column\">\n\t\t\t<div class=\"elementor-widget-wrap elementor-element-populated\">\n\t\t\t\t\t\t<div class=\"elementor-element elementor-element-c6b8a12 elementor-widget elementor-widget-text-editor\" data-id=\"c6b8a12\" data-element_type=\"widget\" data-e-type=\"widget\" data-widget_type=\"text-editor.default\">\n\t\t\t\t<div class=\"elementor-widget-container\">\n\t\t\t\t\t\t\t\t\t<p>Si vous \u00eates enceinte et que vous vous inqui\u00e9tez de la fa\u00e7on dont le coronavirus pourrait vous affecter, vous et votre b\u00e9b\u00e9, sachez que vous n\u2019\u00eates pas seule. Beaucoup d\u2019hypoth\u00e8ses et de conjectures entourent la COVID-19 et le risque de naissance pr\u00e9matur\u00e9e. Nous souhaitons vous rassurer et vous fournir des informations v\u00e9rifi\u00e9es en vous pr\u00e9sentant des faits pr\u00e9cis et des conseils dispens\u00e9s par l\u2019Organisation mondiale de la sant\u00e9 (OMS) et d\u2019autres organisations r\u00e9put\u00e9es.<\/p>\t\t\t\t\t\t\t\t<\/div>\n\t\t\t\t<\/div>\n\t\t\t\t\t<\/div>\n\t\t<\/div>\n\t\t\t\t\t<\/div>\n\t\t<\/section>\n\t\t\t\t<section class=\"has_eae_slider elementor-section elementor-top-section elementor-element elementor-element-ac36f05 elementor-section-stretched elementor-section-boxed elementor-section-height-default elementor-section-height-default\" data-eae-slider=\"11653\" data-particle_enable=\"false\" data-particle-mobile-disabled=\"false\" data-id=\"ac36f05\" data-element_type=\"section\" data-e-type=\"section\" data-settings=\"{&quot;stretch_section&quot;:&quot;section-stretched&quot;,&quot;background_background&quot;:&quot;classic&quot;}\">\n\t\t\t\t\t\t<div class=\"elementor-container elementor-column-gap-default\">\n\t\t\t\t\t<div class=\"has_eae_slider elementor-column elementor-col-100 elementor-top-column elementor-element elementor-element-7b9ba69\" data-eae-slider=\"79089\" data-id=\"7b9ba69\" data-element_type=\"column\" data-e-type=\"column\">\n\t\t\t<div class=\"elementor-widget-wrap elementor-element-populated\">\n\t\t\t\t\t\t<div class=\"elementor-element elementor-element-460a244 elementor-widget elementor-widget-heading\" data-id=\"460a244\" data-element_type=\"widget\" data-e-type=\"widget\" data-widget_type=\"heading.default\">\n\t\t\t\t<div class=\"elementor-widget-container\">\n\t\t\t\t\t<h2 class=\"elementor-heading-title elementor-size-default\">LE CORONAVIRUS PENDANT LA GROSSESSE<\/h2>\t\t\t\t<\/div>\n\t\t\t\t<\/div>\n\t\t\t\t<div class=\"elementor-element elementor-element-1844eb9 elementor-widget elementor-widget-text-editor\" data-id=\"1844eb9\" data-element_type=\"widget\" data-e-type=\"widget\" data-widget_type=\"text-editor.default\">\n\t\t\t\t<div class=\"elementor-widget-container\">\n\t\t\t\t\t\t\t\t\t<p>Selon les scientifiques, il n\u2019existe actuellement aucune preuve sugg\u00e9rant que vous pr\u00e9sentiez un risque plus \u00e9lev\u00e9 de contracter le coronavirus que quiconque. Toutefois, les modifications que fait subir la grossesse \u00e0 votre corps et votre syst\u00e8me immunitaire pourraient vous exposer \u00e0 un risque accru de contracter certaines infections respiratoires. Il est donc important que vous preniez des mesures suppl\u00e9mentaires pour vous prot\u00e9ger contre le coronavirus et que vous signaliez \u00e0 votre m\u00e9decin tout sympt\u00f4me tel que de la fi\u00e8vre, une toux ou des difficult\u00e9s respiratoires.<\/p><p>Si vous \u00eates infect\u00e9e par le coronavirus, le risque de le transmettre \u00e0 votre b\u00e9b\u00e9 pendant la grossesse est consid\u00e9r\u00e9 comme faible. \u00c0 ce stade, rien ne prouve que le virus puisse \u00eatre transmis in utero (on parle de transmission verticale). Cependant, une fois le b\u00e9b\u00e9 n\u00e9, il est susceptible de contracter le virus comme n\u2019importe qui, par contact avec des gouttelettes respiratoires.<\/p>\t\t\t\t\t\t\t\t<\/div>\n\t\t\t\t<\/div>\n\t\t\t\t\t<\/div>\n\t\t<\/div>\n\t\t\t\t\t<\/div>\n\t\t<\/section>\n\t\t\t\t<section class=\"has_eae_slider elementor-section elementor-top-section elementor-element elementor-element-ba76eb8 elementor-section-stretched elementor-section-boxed elementor-section-height-default elementor-section-height-default\" data-eae-slider=\"80208\" data-particle_enable=\"false\" data-particle-mobile-disabled=\"false\" data-id=\"ba76eb8\" data-element_type=\"section\" data-e-type=\"section\" data-settings=\"{&quot;stretch_section&quot;:&quot;section-stretched&quot;}\">\n\t\t\t\t\t\t<div class=\"elementor-container elementor-column-gap-default\">\n\t\t\t\t\t<div class=\"has_eae_slider elementor-column elementor-col-100 elementor-top-column elementor-element elementor-element-5e325bb\" data-eae-slider=\"79543\" data-id=\"5e325bb\" data-element_type=\"column\" data-e-type=\"column\">\n\t\t\t<div class=\"elementor-widget-wrap elementor-element-populated\">\n\t\t\t\t\t\t<div class=\"elementor-element elementor-element-8a0dc81 elementor-widget elementor-widget-heading\" data-id=\"8a0dc81\" data-element_type=\"widget\" data-e-type=\"widget\" data-widget_type=\"heading.default\">\n\t\t\t\t<div class=\"elementor-widget-container\">\n\t\t\t\t\t<h2 class=\"elementor-heading-title elementor-size-default\">THE FACTS ABOUT PRETERM BIRTHS &amp; CORONAVIRUS<\/h2>\t\t\t\t<\/div>\n\t\t\t\t<\/div>\n\t\t\t\t<div class=\"elementor-element elementor-element-1fac09f elementor-widget elementor-widget-text-editor\" data-id=\"1fac09f\" data-element_type=\"widget\" data-e-type=\"widget\" data-widget_type=\"text-editor.default\">\n\t\t\t\t<div class=\"elementor-widget-container\">\n\t\t\t\t\t\t\t\t\t<p class=\"translation-block\">Le coronavirus \u00e0 l\u2019origine de la maladie COVID-19 \u00e9tant un nouveau virus, il existe peu de donn\u00e9es permettant de d\u00e9terminer si la contamination entra\u00eene un risque accru d\u2019accouchement pr\u00e9matur\u00e9. Des cas d\u2019accouchements pr\u00e9matur\u00e9s chez des m\u00e8res infect\u00e9es par le virus ont \u00e9t\u00e9 signal\u00e9s, mais le lien de cause \u00e0 effet n\u2019a pas \u00e9t\u00e9 clairement \u00e9tabli. Pour certaines m\u00e8res qui pr\u00e9sentaient des sympt\u00f4mes s\u00e9v\u00e8res, il a \u00e9t\u00e9 jug\u00e9 pr\u00e9f\u00e9rable de d\u00e9clencher l\u2019accouchement avant le terme. \nIl s\u2019agit d\u2019un sujet dont vous pouvez discuter avec votre m\u00e9decin si cela vous inqui\u00e8te.<\/p><p>Sachez qu\u2019en temps normal (ind\u00e9pendamment de la COVID-19), 1 b\u00e9b\u00e9 sur 10 na\u00eet pr\u00e9matur\u00e9ment. Selon l\u2019OMS et d\u2019autres autorit\u00e9s de premier plan, parmi les causes courantes de naissances pr\u00e9matur\u00e9es figurent les infections et les maladies chroniques, telles que le diab\u00e8te et l\u2019hypertension art\u00e9rielle. Pour cette raison, il est conseill\u00e9 aux femmes enceintes de prendre des pr\u00e9cautions suppl\u00e9mentaires pour \u00e9viter tout risque de contracter le coronavirus, notamment en adoptant de bonnes pratiques d\u2019hygi\u00e8ne personnelle, et en appliquant les gestes barri\u00e8res et les principes de distanciation sociale.<\/p>\t\t\t\t\t\t\t\t<\/div>\n\t\t\t\t<\/div>\n\t\t\t\t\t<\/div>\n\t\t<\/div>\n\t\t\t\t\t<\/div>\n\t\t<\/section>\n\t\t\t\t<section class=\"has_eae_slider elementor-section elementor-top-section elementor-element elementor-element-a32a14b elementor-section-stretched elementor-section-boxed elementor-section-height-default elementor-section-height-default\" data-eae-slider=\"62126\" data-particle_enable=\"false\" data-particle-mobile-disabled=\"false\" data-id=\"a32a14b\" data-element_type=\"section\" data-e-type=\"section\" data-settings=\"{&quot;stretch_section&quot;:&quot;section-stretched&quot;,&quot;background_background&quot;:&quot;classic&quot;}\">\n\t\t\t\t\t\t<div class=\"elementor-container elementor-column-gap-default\">\n\t\t\t\t\t<div class=\"has_eae_slider elementor-column elementor-col-100 elementor-top-column elementor-element elementor-element-495a4f3\" data-eae-slider=\"59771\" data-id=\"495a4f3\" data-element_type=\"column\" data-e-type=\"column\">\n\t\t\t<div class=\"elementor-widget-wrap elementor-element-populated\">\n\t\t\t\t\t\t<div class=\"elementor-element elementor-element-15dc9ff elementor-widget elementor-widget-heading\" data-id=\"15dc9ff\" data-element_type=\"widget\" data-e-type=\"widget\" data-widget_type=\"heading.default\">\n\t\t\t\t<div class=\"elementor-widget-container\">\n\t\t\t\t\t<h2 class=\"elementor-heading-title elementor-size-default\">SE PROT\u00c9GER CONTRE LE CORONAVIRUS<\/h2>\t\t\t\t<\/div>\n\t\t\t\t<\/div>\n\t\t\t\t<div class=\"elementor-element elementor-element-a90727e elementor-widget elementor-widget-text-editor\" data-id=\"a90727e\" data-element_type=\"widget\" data-e-type=\"widget\" data-widget_type=\"text-editor.default\">\n\t\t\t\t<div class=\"elementor-widget-container\">\n\t\t\t\t\t\t\t\t\t<ul><li>Lavez-vous fr\u00e9quemment les mains avec de l\u2019eau et du savon pendant 20 secondes ou utilisez une solution hydroalcoolique.<\/li><li>Appliquez les principes de distanciation sociale en pr\u00e9sence d\u2019autres personnes. Cela signifie de rester \u00e0 1,5 m\u00e8tre de distance des autres personnes.<\/li><li>\u00c9vitez tout contact avec une personne pr\u00e9sentant de la fi\u00e8vre, une toux ou des sympt\u00f4mes de rhume ou d\u2019infection pulmonaire. Cela inclut vos proches.<\/li><li>\u00c9vitez de toucher vos yeux, votre nez et votre bouche.<\/li><li>Restez chez vous, et ne sortez qu\u2019en cas de r\u00e9el besoin.<\/li><li>Dans certaines situations, il est conseill\u00e9 de porter un masque en dehors de chez vous pour \u00e9viter les projections des personnes malades qui toussent et \u00e9ternuent.<\/li><\/ul>\t\t\t\t\t\t\t\t<\/div>\n\t\t\t\t<\/div>\n\t\t\t\t\t<\/div>\n\t\t<\/div>\n\t\t\t\t\t<\/div>\n\t\t<\/section>\n\t\t\t\t<section class=\"has_eae_slider elementor-section elementor-top-section elementor-element elementor-element-2a184b1d elementor-section-boxed elementor-section-height-default elementor-section-height-default\" data-eae-slider=\"3424\" data-particle_enable=\"false\" data-particle-mobile-disabled=\"false\" data-id=\"2a184b1d\" data-element_type=\"section\" data-e-type=\"section\">\n\t\t\t\t\t\t<div class=\"elementor-container elementor-column-gap-default\">\n\t\t\t\t\t<div class=\"has_eae_slider elementor-column elementor-col-100 elementor-top-column elementor-element elementor-element-702405a2\" data-eae-slider=\"40062\" data-id=\"702405a2\" data-element_type=\"column\" data-e-type=\"column\">\n\t\t\t<div class=\"elementor-widget-wrap elementor-element-populated\">\n\t\t\t\t\t\t<div class=\"elementor-element elementor-element-6e265d32 elementor-widget-divider--view-line elementor-widget elementor-widget-divider\" data-id=\"6e265d32\" data-element_type=\"widget\" data-e-type=\"widget\" data-widget_type=\"divider.default\">\n\t\t\t\t<div class=\"elementor-widget-container\">\n\t\t\t\t\t\t\t<div class=\"elementor-divider\">\n\t\t\t<span class=\"elementor-divider-separator\">\n\t\t\t\t\t\t<\/span>\n\t\t<\/div>\n\t\t\t\t\t\t<\/div>\n\t\t\t\t<\/div>\n\t\t\t\t<div class=\"elementor-element elementor-element-3ebbccd8 elementor-widget elementor-widget-toggle\" data-id=\"3ebbccd8\" data-element_type=\"widget\" data-e-type=\"widget\" data-widget_type=\"toggle.default\">\n\t\t\t\t<div class=\"elementor-widget-container\">\n\t\t\t\t\t\t\t<div class=\"elementor-toggle\">\n\t\t\t\t\t\t\t<div class=\"elementor-toggle-item\">\n\t\t\t\t\t<div id=\"elementor-tab-title-1051\" class=\"elementor-tab-title\" data-tab=\"1\" role=\"button\" aria-controls=\"elementor-tab-content-1051\" aria-expanded=\"false\">\n\t\t\t\t\t\t\t\t\t\t\t\t<span class=\"elementor-toggle-icon elementor-toggle-icon-right\" aria-hidden=\"true\">\n\t\t\t\t\t\t\t\t\t\t\t\t\t\t\t<span class=\"elementor-toggle-icon-closed\"><i class=\"fas fa-chevron-down\"><\/i><\/span>\n\t\t\t\t\t\t\t\t<span class=\"elementor-toggle-icon-opened\"><i class=\"elementor-toggle-icon-opened fas fa-chevron-up\"><\/i><\/span>\n\t\t\t\t\t\t\t\t\t\t\t\t\t<\/span>\n\t\t\t\t\t\t\t\t\t\t\t\t<a class=\"elementor-toggle-title\" tabindex=\"0\">R\u00e9f\u00e9rences \u00e0 consulter<\/a>\n\t\t\t\t\t<\/div>\n\n\t\t\t\t\t<div id=\"elementor-tab-content-1051\" class=\"elementor-tab-content elementor-clearfix\" data-tab=\"1\" role=\"region\" aria-labelledby=\"elementor-tab-title-1051\"><p>Avec plus de 100 ans d\u2019exp\u00e9riences de soins chez les nourrissons et inspir\u00e9e par 40 ans de recherche sur le lait maternel et la nutrition en d\u00e9but de vie, Danone Nutricia Early Life Nutrition combine la science et l'exp\u00e9rience pour soutenir les parents et les professionnels de la sant\u00e9. Nous nous effor\u00e7ons en permanence d'am\u00e9liorer nos produits pour les m\u00e8res, les nourrissons et les jeunes enfants.<\/p><p>Chez Danone Nutricia Early Life Nutrition, nous soutenons la recommandation mondiale de sant\u00e9 publique de l'Organisation mondiale de la sant\u00e9 (OMS) qui pr\u00e9conise l'allaitement maternel exclusif pendant les six premiers mois et la poursuite de l'allaitement jusqu'\u00e0 deux ans et au-del\u00e0, associ\u00e9 \u00e0 l'introduction en toute s\u00e9curit\u00e9 d'aliments compl\u00e9mentaires appropri\u00e9s.<\/p><p>L'allaitement altern\u00e9 au sein et au biberon au cours des premi\u00e8res semaines de vie peut r\u00e9duire votre quantit\u00e9 de lait maternel disponible. Il est difficile de revenir sur la d\u00e9cision de ne pas allaiter. Les implications sociales et financi\u00e8res de l'utilisation d'un lait infantile doivent \u00eatre prises en compte.<\/p><p>Veuillez <strong>consulter un professionnel de la sant\u00e9 pour faire un choix<\/strong> \u00e9clair\u00e9 sur l'alimentation de votre b\u00e9b\u00e9 en laits et en aliments solides (apr\u00e8s ses six mois).<\/p><p>Notez qu'une utilisation incorrecte du lait pour nourrissons ou des aliments ou m\u00e9thodes d'alimentation inappropri\u00e9s peuvent pr\u00e9senter un risque pour la sant\u00e9. Si vous utilisez un lait pour nourrissons, vous devez suivre attentivement le mode d'emploi du fabricant - le non-respect des instructions peut rendre votre b\u00e9b\u00e9 malade.<\/p><p>Certaines autorit\u00e9s r\u00e9glementaires locales en Afrique exigent des changements sur l'emballage primaire et\/ou secondaire de nos produits.<\/p><p>Par cons\u00e9quent, l'aspect et le toucher de nos produits peuvent varier l\u00e9g\u00e8rement d'un pays \u00e0 l'autre pour \u00eatre conformes aux r\u00e9glementations locales.<\/p><p>Pour vous assurer que vous obtenez le produit conforme \u00e0 votre pays, <strong>veuillez consulter votre professionnel de la sant\u00e9 pour vous aider \u00e0 faire les bons choix pour votre b\u00e9b\u00e9.<\/strong><\/p><\/div>\n\t\t\t\t<\/div>\n\t\t\t\t\t\t\t\t<\/div>\n\t\t\t\t\t\t<\/div>\n\t\t\t\t<\/div>\n\t\t\t\t\t<\/div>\n\t\t<\/div>\n\t\t\t\t\t<\/div>\n\t\t<\/section>\n\t\t\t\t<section class=\"has_eae_slider elementor-section elementor-top-section elementor-element elementor-element-0748a4f elementor-section-stretched elementor-section-boxed elementor-section-height-default elementor-section-height-default\" data-eae-slider=\"54608\" data-particle_enable=\"false\" data-particle-mobile-disabled=\"false\" data-id=\"0748a4f\" data-element_type=\"section\" data-e-type=\"section\" data-settings=\"{&quot;stretch_section&quot;:&quot;section-stretched&quot;,&quot;background_background&quot;:&quot;classic&quot;}\">\n\t\t\t\t\t\t<div class=\"elementor-container elementor-column-gap-default\">\n\t\t\t\t\t<div class=\"has_eae_slider elementor-column elementor-col-100 elementor-top-column elementor-element elementor-element-d720bc1\" data-eae-slider=\"6953\" data-id=\"d720bc1\" data-element_type=\"column\" data-e-type=\"column\">\n\t\t\t<div class=\"elementor-widget-wrap elementor-element-populated\">\n\t\t\t\t\t\t<div class=\"elementor-element elementor-element-f831a6f elementor-widget elementor-widget-text-editor\" data-id=\"f831a6f\" data-element_type=\"widget\" data-e-type=\"widget\" data-widget_type=\"text-editor.default\">\n\t\t\t\t<div class=\"elementor-widget-container\">\n\t\t\t\t\t\t\t\t\t<p style=\"text-align: center;\"><span style=\"font-weight: 400;\">BA20-373<\/span><\/p>\t\t\t\t\t\t\t\t<\/div>\n\t\t\t\t<\/div>\n\t\t\t\t\t<\/div>\n\t\t<\/div>\n\t\t\t\t\t<\/div>\n\t\t<\/section>\n\t\t\t\t<section class=\"has_eae_slider elementor-section elementor-top-section elementor-element elementor-element-3844610d elementor-section-stretched elementor-section-boxed elementor-section-height-default elementor-section-height-default\" data-eae-slider=\"29546\" data-particle_enable=\"false\" data-particle-mobile-disabled=\"false\" data-id=\"3844610d\" data-element_type=\"section\" data-e-type=\"section\" data-settings=\"{&quot;stretch_section&quot;:&quot;section-stretched&quot;,&quot;background_background&quot;:&quot;classic&quot;}\">\n\t\t\t\t\t\t<div class=\"elementor-container elementor-column-gap-default\">\n\t\t\t\t\t<div class=\"has_eae_slider elementor-column elementor-col-100 elementor-top-column elementor-element elementor-element-951c53e\" data-eae-slider=\"63076\" data-id=\"951c53e\" data-element_type=\"column\" data-e-type=\"column\">\n\t\t\t<div class=\"elementor-widget-wrap elementor-element-populated\">\n\t\t\t\t\t\t<div class=\"elementor-element elementor-element-4a07c2eb elementor-widget elementor-widget-heading\" data-id=\"4a07c2eb\" data-element_type=\"widget\" data-e-type=\"widget\" data-widget_type=\"heading.default\">\n\t\t\t\t<div class=\"elementor-widget-container\">\n\t\t\t\t\t<h2 class=\"elementor-heading-title elementor-size-default\">Lectures compl\u00e9mentaires<\/h2>\t\t\t\t<\/div>\n\t\t\t\t<\/div>\n\t\t\t\t<div class=\"elementor-element elementor-element-20c25f1d elementor-position-left elementor-vertical-align-top elementor-widget elementor-widget-image-box\" data-id=\"20c25f1d\" data-element_type=\"widget\" data-e-type=\"widget\" data-widget_type=\"image-box.default\">\n\t\t\t\t<div class=\"elementor-widget-container\">\n\t\t\t\t\t<div class=\"elementor-image-box-wrapper\"><figure class=\"elementor-image-box-img\"><a href=\"https:\/\/www.aptafrica.com\/fr\/coronavirus-covid-19-comment-vous-proteger-et-proteger-votre-bebe\/\" tabindex=\"-1\"><img fetchpriority=\"high\" decoding=\"async\" width=\"2500\" height=\"1668\" src=\"https:\/\/www.aptafrica.com\/wp-content\/uploads\/2021\/01\/mother-father-child.jpg\" class=\"attachment-full size-full wp-image-7606\" alt=\"Happy Mother, Father and Baby\" srcset=\"https:\/\/www.aptafrica.com\/wp-content\/uploads\/2021\/01\/mother-father-child.jpg 2500w, https:\/\/www.aptafrica.com\/wp-content\/uploads\/2021\/01\/mother-father-child-300x200.jpg 300w, https:\/\/www.aptafrica.com\/wp-content\/uploads\/2021\/01\/mother-father-child-1024x683.jpg 1024w, https:\/\/www.aptafrica.com\/wp-content\/uploads\/2021\/01\/mother-father-child-768x512.jpg 768w, https:\/\/www.aptafrica.com\/wp-content\/uploads\/2021\/01\/mother-father-child-1536x1025.jpg 1536w, https:\/\/www.aptafrica.com\/wp-content\/uploads\/2021\/01\/mother-father-child-2048x1366.jpg 2048w, https:\/\/www.aptafrica.com\/wp-content\/uploads\/2021\/01\/mother-father-child-16x12.jpg 16w\" sizes=\"(max-width: 2500px) 100vw, 2500px\" \/><\/a><\/figure><div class=\"elementor-image-box-content\"><h3 class=\"elementor-image-box-title\"><a href=\"https:\/\/www.aptafrica.com\/fr\/coronavirus-covid-19-comment-vous-proteger-et-proteger-votre-bebe\/\">Comment vous prot\u00e9ger et prot\u00e9ger votre b\u00e9b\u00e9 ?<\/a><\/h3><p class=\"elementor-image-box-description\">C\u2019est une p\u00e9riode stressante pour les parents de jeunes enfants et les futurs parents. C\u2019est pourquoi AptaAfrica vous partage les recommandations de l\u2019Organisation Mondiale de la Sant\u00e9 (OMS) pour vous prot\u00e9ger et prot\u00e9ger votre petit.\n<br>\n<br>\n<a href=\"\/fr\/coronavirus-covid-19-comment-vous-proteger-et-proteger-votre-bebe\/\">En savoir plus <i class=\"fas fa-chevron-down\"><\/i><\/a><\/p><\/div><\/div>\t\t\t\t<\/div>\n\t\t\t\t<\/div>\n\t\t\t\t<div class=\"elementor-element elementor-element-5675f17f elementor-position-left elementor-vertical-align-top elementor-widget elementor-widget-image-box\" data-id=\"5675f17f\" data-element_type=\"widget\" data-e-type=\"widget\" data-widget_type=\"image-box.default\">\n\t\t\t\t<div class=\"elementor-widget-container\">\n\t\t\t\t\t<div class=\"elementor-image-box-wrapper\"><figure class=\"elementor-image-box-img\"><a href=\"https:\/\/www.aptafrica.com\/fr\/coronavirus-covid-19-comment-gerer-les-periodes-de-stress\/\" tabindex=\"-1\"><img decoding=\"async\" width=\"2500\" height=\"1669\" src=\"https:\/\/www.aptafrica.com\/wp-content\/uploads\/2021\/01\/father-kissing-babys-cheek.jpg\" class=\"attachment-full size-full wp-image-7590\" alt=\"Father kissing his baby on the cheek\" srcset=\"https:\/\/www.aptafrica.com\/wp-content\/uploads\/2021\/01\/father-kissing-babys-cheek.jpg 2500w, https:\/\/www.aptafrica.com\/wp-content\/uploads\/2021\/01\/father-kissing-babys-cheek-300x200.jpg 300w, https:\/\/www.aptafrica.com\/wp-content\/uploads\/2021\/01\/father-kissing-babys-cheek-1024x684.jpg 1024w, https:\/\/www.aptafrica.com\/wp-content\/uploads\/2021\/01\/father-kissing-babys-cheek-768x513.jpg 768w, https:\/\/www.aptafrica.com\/wp-content\/uploads\/2021\/01\/father-kissing-babys-cheek-1536x1025.jpg 1536w, https:\/\/www.aptafrica.com\/wp-content\/uploads\/2021\/01\/father-kissing-babys-cheek-2048x1367.jpg 2048w, https:\/\/www.aptafrica.com\/wp-content\/uploads\/2021\/01\/father-kissing-babys-cheek-16x12.jpg 16w\" sizes=\"(max-width: 2500px) 100vw, 2500px\" \/><\/a><\/figure><div class=\"elementor-image-box-content\"><h3 class=\"elementor-image-box-title\"><a href=\"https:\/\/www.aptafrica.com\/fr\/coronavirus-covid-19-comment-gerer-les-periodes-de-stress\/\">Coronavirus (COVID-19) - Comment g\u00e9rer les p\u00e9riodes de stress ?<\/a><\/h3><p class=\"elementor-image-box-description\">L\u2019Organisation mondiale de la sant\u00e9 (OMS) propose quelques astuces pour vous aider \u00e0 g\u00e9rer le stress, d\u00e9tendre l\u2019atmosph\u00e8re et avoir ainsi un souci de moins \u00e0 l\u2019esprit.\n<br>\n<br>\n<a href=\"\/fr\/coronavirus-covid-19-comment-gerer-les-periodes-de-stress\/\">En savoir plus <i class=\"fas fa-chevron-down\"><\/i><\/a><\/p><\/div><\/div>\t\t\t\t<\/div>\n\t\t\t\t<\/div>\n\t\t\t\t<div class=\"elementor-element elementor-element-49c3929 elementor-position-left elementor-vertical-align-top elementor-widget elementor-widget-image-box\" data-id=\"49c3929\" data-element_type=\"widget\" data-e-type=\"widget\" data-widget_type=\"image-box.default\">\n\t\t\t\t<div class=\"elementor-widget-container\">\n\t\t\t\t\t<div class=\"elementor-image-box-wrapper\"><figure class=\"elementor-image-box-img\"><a href=\"https:\/\/www.aptafrica.com\/fr\/les-idees-recues-au-sujet-du-coronavirus\/\" tabindex=\"-1\"><img decoding=\"async\" width=\"2560\" height=\"1756\" src=\"https:\/\/www.aptafrica.com\/wp-content\/uploads\/2020\/04\/header-Myths-Vs-Facts-scaled-1.jpeg\" class=\"attachment-full size-full wp-image-3508\" alt=\"\" srcset=\"https:\/\/www.aptafrica.com\/wp-content\/uploads\/2020\/04\/header-Myths-Vs-Facts-scaled-1.jpeg 2560w, https:\/\/www.aptafrica.com\/wp-content\/uploads\/2020\/04\/header-Myths-Vs-Facts-scaled-1-300x206.jpeg 300w, https:\/\/www.aptafrica.com\/wp-content\/uploads\/2020\/04\/header-Myths-Vs-Facts-scaled-1-1024x702.jpeg 1024w, https:\/\/www.aptafrica.com\/wp-content\/uploads\/2020\/04\/header-Myths-Vs-Facts-scaled-1-768x527.jpeg 768w, https:\/\/www.aptafrica.com\/wp-content\/uploads\/2020\/04\/header-Myths-Vs-Facts-scaled-1-1536x1054.jpeg 1536w, https:\/\/www.aptafrica.com\/wp-content\/uploads\/2020\/04\/header-Myths-Vs-Facts-scaled-1-2048x1405.jpeg 2048w\" sizes=\"(max-width: 2560px) 100vw, 2560px\" \/><\/a><\/figure><div class=\"elementor-image-box-content\"><h3 class=\"elementor-image-box-title\"><a href=\"https:\/\/www.aptafrica.com\/fr\/les-idees-recues-au-sujet-du-coronavirus\/\">Les id\u00e9es re\u00e7ues au sujet du coronavirus<\/a><\/h3><p class=\"elementor-image-box-description\">Vous devez absolument vous tenir au courant de l\u2019actualit\u00e9 de l\u2019\u00e9pid\u00e9mie de COVID-19 sur le site de l\u2019Organisation mondiale de la sant\u00e9 (OMS) ainsi qu\u2019aupr\u00e8s de vos autorit\u00e9s de sant\u00e9 publique nationales et locales.\n<br>\n<br>\n<a href=\"\/fr\/les-idees-recues-au-sujet-du-coronavirus\/\">En savoir plus <i class=\"fas fa-chevron-down\"><\/i><\/a><\/p><\/div><\/div>\t\t\t\t<\/div>\n\t\t\t\t<\/div>\n\t\t\t\t<div class=\"elementor-element elementor-element-72ed3110 elementor-position-left elementor-vertical-align-top elementor-widget elementor-widget-image-box\" data-id=\"72ed3110\" data-element_type=\"widget\" data-e-type=\"widget\" data-widget_type=\"image-box.default\">\n\t\t\t\t<div class=\"elementor-widget-container\">\n\t\t\t\t\t<div class=\"elementor-image-box-wrapper\"><figure class=\"elementor-image-box-img\"><a href=\"https:\/\/www.aptafrica.com\/fr\/coronavirus-et-disponibilite-des-produits\/\" tabindex=\"-1\"><img loading=\"lazy\" decoding=\"async\" width=\"2000\" height=\"1333\" src=\"https:\/\/www.aptafrica.com\/wp-content\/uploads\/2020\/04\/aptamil-feeding-beaker-04.jpg\" class=\"attachment-full size-full wp-image-3141\" alt=\"\" srcset=\"https:\/\/www.aptafrica.com\/wp-content\/uploads\/2020\/04\/aptamil-feeding-beaker-04.jpg 2000w, https:\/\/www.aptafrica.com\/wp-content\/uploads\/2020\/04\/aptamil-feeding-beaker-04-300x200.jpg 300w, https:\/\/www.aptafrica.com\/wp-content\/uploads\/2020\/04\/aptamil-feeding-beaker-04-1024x682.jpg 1024w, https:\/\/www.aptafrica.com\/wp-content\/uploads\/2020\/04\/aptamil-feeding-beaker-04-768x512.jpg 768w, https:\/\/www.aptafrica.com\/wp-content\/uploads\/2020\/04\/aptamil-feeding-beaker-04-1536x1024.jpg 1536w\" sizes=\"(max-width: 2000px) 100vw, 2000px\" \/><\/a><\/figure><div class=\"elementor-image-box-content\"><h3 class=\"elementor-image-box-title\"><a href=\"https:\/\/www.aptafrica.com\/fr\/coronavirus-et-disponibilite-des-produits\/\">Coronavirus Et Disponibilit\u00e9 Des Produits<\/a><\/h3><p class=\"elementor-image-box-description\">La demande de lait infantile \u00e9tant tr\u00e8s forte actuellement, certains d\u00e9taillants sont confront\u00e9s \u00e0 des manques de stock de nos produits dans leur magasin. Naturellement, nous sommes navr\u00e9s d\u2019apprendre que des parents se voient priv\u00e9s de nos produits et nous voulons les soutenir.\n<br>\n<br>\n<a href=\"\/fr\/coronavirus-et-disponibilite-des-produits\/\">En savoir plus <i class=\"fas fa-chevron-down\"><\/i><\/a><\/p><\/div><\/div>\t\t\t\t<\/div>\n\t\t\t\t<\/div>\n\t\t\t\t<div class=\"elementor-element elementor-element-2defe876 elementor-position-left elementor-vertical-align-top elementor-widget elementor-widget-image-box\" data-id=\"2defe876\" data-element_type=\"widget\" data-e-type=\"widget\" data-widget_type=\"image-box.default\">\n\t\t\t\t<div class=\"elementor-widget-container\">\n\t\t\t\t\t<div class=\"elementor-image-box-wrapper\"><figure class=\"elementor-image-box-img\"><a href=\"https:\/\/www.aptafrica.com\/fr\/coronavirus-questions-frequentes-sur-le-virus\/\" tabindex=\"-1\"><img loading=\"lazy\" decoding=\"async\" width=\"2500\" height=\"1667\" src=\"https:\/\/www.aptafrica.com\/wp-content\/uploads\/2021\/01\/mother-father-singing-to-child.jpg\" class=\"attachment-full size-full wp-image-7588\" alt=\"family playing\" srcset=\"https:\/\/www.aptafrica.com\/wp-content\/uploads\/2021\/01\/mother-father-singing-to-child.jpg 2500w, https:\/\/www.aptafrica.com\/wp-content\/uploads\/2021\/01\/mother-father-singing-to-child-300x200.jpg 300w, https:\/\/www.aptafrica.com\/wp-content\/uploads\/2021\/01\/mother-father-singing-to-child-1024x683.jpg 1024w, https:\/\/www.aptafrica.com\/wp-content\/uploads\/2021\/01\/mother-father-singing-to-child-768x512.jpg 768w, https:\/\/www.aptafrica.com\/wp-content\/uploads\/2021\/01\/mother-father-singing-to-child-1536x1024.jpg 1536w, https:\/\/www.aptafrica.com\/wp-content\/uploads\/2021\/01\/mother-father-singing-to-child-2048x1366.jpg 2048w, https:\/\/www.aptafrica.com\/wp-content\/uploads\/2021\/01\/mother-father-singing-to-child-16x12.jpg 16w\" sizes=\"(max-width: 2500px) 100vw, 2500px\" \/><\/a><\/figure><div class=\"elementor-image-box-content\"><h3 class=\"elementor-image-box-title\"><a href=\"https:\/\/www.aptafrica.com\/fr\/coronavirus-questions-frequentes-sur-le-virus\/\">Coronavirus : questions fr\u00e9quentes sur le virus<\/a><\/h3><p class=\"elementor-image-box-description\">Coronavirus : questions fr\u00e9quentes sur le virus\n<br>\n<br>\n<a href=\"\/fr\/coronavirus-questions-frequentes-sur-le-virus\/\">En savoir plus <i class=\"fas fa-chevron-down\"><\/i><\/a><\/p><\/div><\/div>\t\t\t\t<\/div>\n\t\t\t\t<\/div>\n\t\t\t\t<div class=\"elementor-element elementor-element-626ef0d elementor-position-left elementor-vertical-align-top elementor-widget elementor-widget-image-box\" data-id=\"626ef0d\" data-element_type=\"widget\" data-e-type=\"widget\" data-widget_type=\"image-box.default\">\n\t\t\t\t<div class=\"elementor-widget-container\">\n\t\t\t\t\t<div class=\"elementor-image-box-wrapper\"><figure class=\"elementor-image-box-img\"><a href=\"https:\/\/www.aptafrica.com\/fr\/expliquer-enfants-les-gestes-dhygienes-coronavirus\/\" tabindex=\"-1\"><img loading=\"lazy\" decoding=\"async\" width=\"2500\" height=\"1667\" src=\"https:\/\/www.aptafrica.com\/wp-content\/uploads\/2021\/01\/child-washing-hands-with-soap-and-water.jpg\" class=\"attachment-full size-full wp-image-7589\" alt=\"Female child washing hands\" srcset=\"https:\/\/www.aptafrica.com\/wp-content\/uploads\/2021\/01\/child-washing-hands-with-soap-and-water.jpg 2500w, https:\/\/www.aptafrica.com\/wp-content\/uploads\/2021\/01\/child-washing-hands-with-soap-and-water-300x200.jpg 300w, https:\/\/www.aptafrica.com\/wp-content\/uploads\/2021\/01\/child-washing-hands-with-soap-and-water-1024x683.jpg 1024w, https:\/\/www.aptafrica.com\/wp-content\/uploads\/2021\/01\/child-washing-hands-with-soap-and-water-768x512.jpg 768w, https:\/\/www.aptafrica.com\/wp-content\/uploads\/2021\/01\/child-washing-hands-with-soap-and-water-1536x1024.jpg 1536w, https:\/\/www.aptafrica.com\/wp-content\/uploads\/2021\/01\/child-washing-hands-with-soap-and-water-2048x1366.jpg 2048w, https:\/\/www.aptafrica.com\/wp-content\/uploads\/2021\/01\/child-washing-hands-with-soap-and-water-16x12.jpg 16w\" sizes=\"(max-width: 2500px) 100vw, 2500px\" \/><\/a><\/figure><div class=\"elementor-image-box-content\"><h3 class=\"elementor-image-box-title\"><a href=\"https:\/\/www.aptafrica.com\/fr\/expliquer-enfants-les-gestes-dhygienes-coronavirus\/\">Comment expliquer aux enfants les gestes d'hygi\u00e8nes pendant le Coronavirus ?<\/a><\/h3><p class=\"elementor-image-box-description\">En ces temps si particuliers, d\u00e9couvrez une mani\u00e8re ludique et simple de faire de la pr\u00e9vention \u00e0 vos enfants\n<br>\n<br>\n<a href=\"\/fr\/expliquer-enfants-les-gestes-dhygienes-coronavirus\/\">En savoir plus <i class=\"fas fa-chevron-down\"><\/i><\/a><\/p><\/div><\/div>\t\t\t\t<\/div>\n\t\t\t\t<\/div>\n\t\t\t\t\t<\/div>\n\t\t<\/div>\n\t\t\t\t\t<\/div>\n\t\t<\/section>\n\t\t\t\t<\/div>","protected":false},"excerpt":{"rendered":"<p>If you are pregnant and concerned about how Coronavirus could affect you and your baby, you are not alone. There is a lot of speculation around COVID-19 and the risk of delivering a preterm baby. We are here to provide validated information and empower you through credible facts and advice provided by World Health Organization &#8230; <a title=\"Grossesse et naissance pr\u00e9matur\u00e9e pendant le coronavirus\" class=\"read-more\" href=\"https:\/\/www.aptafrica.com\/fr\/pregnancy\/pregnancy-and-preterm-birth-during-coronavirus\/\" aria-label=\"En savoir plus sur Pregnancy and Preterm Birth During Coronavirus\">Read more<\/a><\/p>","protected":false},"author":1,"featured_media":0,"parent":187,"menu_order":0,"comment_status":"closed","ping_status":"closed","template":"","meta":{"footnotes":""},"class_list":["post-4689","page","type-page","status-publish"],"yoast_head":"<!-- This site is optimized with the Yoast SEO plugin v27.4 - https:\/\/yoast.com\/product\/yoast-seo-wordpress\/ -->\n<title>Pregnancy and Preterm Birth During Coronavirus - Apta Africa<\/title>\n<meta name=\"description\" content=\"If you are pregnant and concerned about how Coronavirus could affect you and your baby, you are not alone. Read the facts about pregnancy during Covid-19.\" \/>\n<meta name=\"robots\" content=\"index, follow, max-snippet:-1, max-image-preview:large, max-video-preview:-1\" \/>\n<link rel=\"canonical\" href=\"https:\/\/www.aptafrica.com\/fr\/grossesse\/grossesse-et-naissance-prematuree-pendant-le-coronavirus\/\" \/>\n<meta property=\"og:locale\" content=\"fr_FR\" \/>\n<meta property=\"og:type\" content=\"article\" \/>\n<meta property=\"og:title\" content=\"Pregnancy and Preterm Birth During Coronavirus - Apta Africa\" \/>\n<meta property=\"og:description\" content=\"If you are pregnant and concerned about how Coronavirus could affect you and your baby, you are not alone. Read the facts about pregnancy during Covid-19.\" \/>\n<meta property=\"og:url\" content=\"https:\/\/www.aptafrica.com\/fr\/grossesse\/grossesse-et-naissance-prematuree-pendant-le-coronavirus\/\" \/>\n<meta property=\"og:site_name\" content=\"Apta Africa\" \/>\n<meta property=\"article:modified_time\" content=\"2021-01-06T05:38:10+00:00\" \/>\n<meta property=\"og:image\" content=\"https:\/\/www.aptafrica.com\/wp-content\/uploads\/2021\/01\/mother-father-child.jpg\" \/>\n<meta name=\"twitter:card\" content=\"summary_large_image\" \/>\n<meta name=\"twitter:label1\" content=\"Dur\u00e9e de lecture estim\u00e9e\" \/>\n\t<meta name=\"twitter:data1\" content=\"4 minutes\" \/>\n<script type=\"application\/ld+json\" class=\"yoast-schema-graph\">{\"@context\":\"https:\\\/\\\/schema.org\",\"@graph\":[{\"@type\":\"WebPage\",\"@id\":\"https:\\\/\\\/www.aptafrica.com\\\/en\\\/pregnancy\\\/pregnancy-and-preterm-birth-during-coronavirus\\\/\",\"url\":\"https:\\\/\\\/www.aptafrica.com\\\/en\\\/pregnancy\\\/pregnancy-and-preterm-birth-during-coronavirus\\\/\",\"name\":\"Pregnancy and Preterm Birth During Coronavirus - Apta Africa\",\"isPartOf\":{\"@id\":\"https:\\\/\\\/www.aptafrica.com\\\/en\\\/#website\"},\"primaryImageOfPage\":{\"@id\":\"https:\\\/\\\/www.aptafrica.com\\\/en\\\/pregnancy\\\/pregnancy-and-preterm-birth-during-coronavirus\\\/#primaryimage\"},\"image\":{\"@id\":\"https:\\\/\\\/www.aptafrica.com\\\/en\\\/pregnancy\\\/pregnancy-and-preterm-birth-during-coronavirus\\\/#primaryimage\"},\"thumbnailUrl\":\"https:\\\/\\\/www.aptafrica.com\\\/wp-content\\\/uploads\\\/2021\\\/01\\\/mother-father-child.jpg\",\"datePublished\":\"2020-05-26T07:49:46+00:00\",\"dateModified\":\"2021-01-06T05:38:10+00:00\",\"description\":\"If you are pregnant and concerned about how Coronavirus could affect you and your baby, you are not alone. Read the facts about pregnancy during Covid-19.\",\"breadcrumb\":{\"@id\":\"https:\\\/\\\/www.aptafrica.com\\\/en\\\/pregnancy\\\/pregnancy-and-preterm-birth-during-coronavirus\\\/#breadcrumb\"},\"inLanguage\":\"fr-FR\",\"potentialAction\":[{\"@type\":\"ReadAction\",\"target\":[\"https:\\\/\\\/www.aptafrica.com\\\/en\\\/pregnancy\\\/pregnancy-and-preterm-birth-during-coronavirus\\\/\"]}]},{\"@type\":\"ImageObject\",\"inLanguage\":\"fr-FR\",\"@id\":\"https:\\\/\\\/www.aptafrica.com\\\/en\\\/pregnancy\\\/pregnancy-and-preterm-birth-during-coronavirus\\\/#primaryimage\",\"url\":\"https:\\\/\\\/www.aptafrica.com\\\/wp-content\\\/uploads\\\/2021\\\/01\\\/mother-father-child.jpg\",\"contentUrl\":\"https:\\\/\\\/www.aptafrica.com\\\/wp-content\\\/uploads\\\/2021\\\/01\\\/mother-father-child.jpg\"},{\"@type\":\"BreadcrumbList\",\"@id\":\"https:\\\/\\\/www.aptafrica.com\\\/en\\\/pregnancy\\\/pregnancy-and-preterm-birth-during-coronavirus\\\/#breadcrumb\",\"itemListElement\":[{\"@type\":\"ListItem\",\"position\":1,\"name\":\"Home\",\"item\":\"https:\\\/\\\/www.aptafrica.com\\\/\"},{\"@type\":\"ListItem\",\"position\":2,\"name\":\"Pregnancy\",\"item\":\"https:\\\/\\\/www.aptafrica.com\\\/en\\\/pregnancy\\\/\"},{\"@type\":\"ListItem\",\"position\":3,\"name\":\"Pregnancy and Preterm Birth During Coronavirus\"}]},{\"@type\":\"WebSite\",\"@id\":\"https:\\\/\\\/www.aptafrica.com\\\/en\\\/#website\",\"url\":\"https:\\\/\\\/www.aptafrica.com\\\/en\\\/\",\"name\":\"Apta Africa\",\"description\":\"Apta Africa\",\"publisher\":{\"@id\":\"https:\\\/\\\/www.aptafrica.com\\\/en\\\/#organization\"},\"potentialAction\":[{\"@type\":\"SearchAction\",\"target\":{\"@type\":\"EntryPoint\",\"urlTemplate\":\"https:\\\/\\\/www.aptafrica.com\\\/en\\\/?s={search_term_string}\"},\"query-input\":{\"@type\":\"PropertyValueSpecification\",\"valueRequired\":true,\"valueName\":\"search_term_string\"}}],\"inLanguage\":\"fr-FR\"},{\"@type\":\"Organization\",\"@id\":\"https:\\\/\\\/www.aptafrica.com\\\/en\\\/#organization\",\"name\":\"Apta Africa\",\"url\":\"https:\\\/\\\/www.aptafrica.com\\\/en\\\/\",\"logo\":{\"@type\":\"ImageObject\",\"inLanguage\":\"fr-FR\",\"@id\":\"https:\\\/\\\/www.aptafrica.com\\\/en\\\/#\\\/schema\\\/logo\\\/image\\\/\",\"url\":\"https:\\\/\\\/www.aptafrica.com\\\/wp-content\\\/uploads\\\/2020\\\/04\\\/Aptafrica-Logo-FINAL.png\",\"contentUrl\":\"https:\\\/\\\/www.aptafrica.com\\\/wp-content\\\/uploads\\\/2020\\\/04\\\/Aptafrica-Logo-FINAL.png\",\"width\":881,\"height\":172,\"caption\":\"Apta Africa\"},\"image\":{\"@id\":\"https:\\\/\\\/www.aptafrica.com\\\/en\\\/#\\\/schema\\\/logo\\\/image\\\/\"}}]}<\/script>\n<!-- \/ Yoast SEO plugin. -->","yoast_head_json":{"title":"Grossesse et accouchement pr\u00e9matur\u00e9 en p\u00e9riode de covid-19","description":"Vous \u00eates enceinte et vous devez accoucher en cette p\u00e9riode de crise sanitaire ? Vous n'\u00eates pas seule.","robots":{"index":"index","follow":"follow","max-snippet":"max-snippet:-1","max-image-preview":"max-image-preview:large","max-video-preview":"max-video-preview:-1"},"canonical":"https:\/\/www.aptafrica.com\/fr\/grossesse\/grossesse-et-naissance-prematuree-pendant-le-coronavirus\/","og_locale":"fr_FR","og_type":"article","og_title":"Pregnancy and Preterm Birth During Coronavirus - Apta Africa","og_description":"If you are pregnant and concerned about how Coronavirus could affect you and your baby, you are not alone. Read the facts about pregnancy during Covid-19.","og_url":"https:\/\/www.aptafrica.com\/fr\/grossesse\/grossesse-et-naissance-prematuree-pendant-le-coronavirus\/","og_site_name":"Apta Africa","article_modified_time":"2021-01-06T05:38:10+00:00","og_image":[{"url":"https:\/\/www.aptafrica.com\/wp-content\/uploads\/2021\/01\/mother-father-child.jpg","type":"","width":"","height":""}],"twitter_card":"summary_large_image","twitter_misc":{"Dur\u00e9e de lecture estim\u00e9e":"4 minutes"},"schema":{"@context":"https:\/\/schema.org","@graph":[{"@type":"WebPage","@id":"https:\/\/www.aptafrica.com\/en\/pregnancy\/pregnancy-and-preterm-birth-during-coronavirus\/","url":"https:\/\/www.aptafrica.com\/en\/pregnancy\/pregnancy-and-preterm-birth-during-coronavirus\/","name":"Grossesse et accouchement pr\u00e9matur\u00e9 en p\u00e9riode de covid-19","isPartOf":{"@id":"https:\/\/www.aptafrica.com\/en\/#website"},"primaryImageOfPage":{"@id":"https:\/\/www.aptafrica.com\/en\/pregnancy\/pregnancy-and-preterm-birth-during-coronavirus\/#primaryimage"},"image":{"@id":"https:\/\/www.aptafrica.com\/en\/pregnancy\/pregnancy-and-preterm-birth-during-coronavirus\/#primaryimage"},"thumbnailUrl":"https:\/\/www.aptafrica.com\/wp-content\/uploads\/2021\/01\/mother-father-child.jpg","datePublished":"2020-05-26T07:49:46+00:00","dateModified":"2021-01-06T05:38:10+00:00","description":"Vous \u00eates enceinte et vous devez accoucher en cette p\u00e9riode de crise sanitaire ? Vous n'\u00eates pas seule.","breadcrumb":{"@id":"https:\/\/www.aptafrica.com\/en\/pregnancy\/pregnancy-and-preterm-birth-during-coronavirus\/#breadcrumb"},"inLanguage":"fr-FR","potentialAction":[{"@type":"ReadAction","target":["https:\/\/www.aptafrica.com\/en\/pregnancy\/pregnancy-and-preterm-birth-during-coronavirus\/"]}]},{"@type":"ImageObject","inLanguage":"fr-FR","@id":"https:\/\/www.aptafrica.com\/en\/pregnancy\/pregnancy-and-preterm-birth-during-coronavirus\/#primaryimage","url":"https:\/\/www.aptafrica.com\/wp-content\/uploads\/2021\/01\/mother-father-child.jpg","contentUrl":"https:\/\/www.aptafrica.com\/wp-content\/uploads\/2021\/01\/mother-father-child.jpg"},{"@type":"BreadcrumbList","@id":"https:\/\/www.aptafrica.com\/en\/pregnancy\/pregnancy-and-preterm-birth-during-coronavirus\/#breadcrumb","itemListElement":[{"@type":"ListItem","position":1,"name":"Home","item":"https:\/\/www.aptafrica.com\/"},{"@type":"ListItem","position":2,"name":"Pregnancy","item":"https:\/\/www.aptafrica.com\/en\/pregnancy\/"},{"@type":"ListItem","position":3,"name":"Pregnancy and Preterm Birth During Coronavirus"}]},{"@type":"WebSite","@id":"https:\/\/www.aptafrica.com\/en\/#website","url":"https:\/\/www.aptafrica.com\/en\/","name":"Apta Africa","description":"Apta Africa","publisher":{"@id":"https:\/\/www.aptafrica.com\/en\/#organization"},"potentialAction":[{"@type":"SearchAction","target":{"@type":"EntryPoint","urlTemplate":"https:\/\/www.aptafrica.com\/en\/?s={search_term_string}"},"query-input":{"@type":"PropertyValueSpecification","valueRequired":true,"valueName":"search_term_string"}}],"inLanguage":"fr-FR"},{"@type":"Organization","@id":"https:\/\/www.aptafrica.com\/en\/#organization","name":"Apta Africa","url":"https:\/\/www.aptafrica.com\/en\/","logo":{"@type":"ImageObject","inLanguage":"fr-FR","@id":"https:\/\/www.aptafrica.com\/en\/#\/schema\/logo\/image\/","url":"https:\/\/www.aptafrica.com\/wp-content\/uploads\/2020\/04\/Aptafrica-Logo-FINAL.png","contentUrl":"https:\/\/www.aptafrica.com\/wp-content\/uploads\/2020\/04\/Aptafrica-Logo-FINAL.png","width":881,"height":172,"caption":"Apta Africa"},"image":{"@id":"https:\/\/www.aptafrica.com\/en\/#\/schema\/logo\/image\/"}}]}},"_links":{"self":[{"href":"https:\/\/www.aptafrica.com\/fr\/wp-json\/wp\/v2\/pages\/4689","targetHints":{"allow":["GET"]}}],"collection":[{"href":"https:\/\/www.aptafrica.com\/fr\/wp-json\/wp\/v2\/pages"}],"about":[{"href":"https:\/\/www.aptafrica.com\/fr\/wp-json\/wp\/v2\/types\/page"}],"author":[{"embeddable":true,"href":"https:\/\/www.aptafrica.com\/fr\/wp-json\/wp\/v2\/users\/1"}],"replies":[{"embeddable":true,"href":"https:\/\/www.aptafrica.com\/fr\/wp-json\/wp\/v2\/comments?post=4689"}],"version-history":[{"count":0,"href":"https:\/\/www.aptafrica.com\/fr\/wp-json\/wp\/v2\/pages\/4689\/revisions"}],"up":[{"embeddable":true,"href":"https:\/\/www.aptafrica.com\/fr\/wp-json\/wp\/v2\/pages\/187"}],"wp:attachment":[{"href":"https:\/\/www.aptafrica.com\/fr\/wp-json\/wp\/v2\/media?parent=4689"}],"curies":[{"name":"wp","href":"https:\/\/api.w.org\/{rel}","templated":true}]}}